{"id":33,"date":"2021-07-01T18:01:17","date_gmt":"2021-07-01T16:01:17","guid":{"rendered":"https:\/\/wp.zim.uni-passau.de\/unnahbar\/?page_id=33"},"modified":"2021-07-16T14:29:31","modified_gmt":"2021-07-16T12:29:31","slug":"technik","status":"publish","type":"page","link":"https:\/\/wp.zim.uni-passau.de\/unnahbar\/technik\/","title":{"rendered":"Technik"},"content":{"rendered":"\n<h2 class=\"has-text-align-center wp-block-heading\" style=\"font-size:25px\">Nutzt der Mensch die Technik oder nutzt die Technik den Menschen? Werden technologische Entwicklungen \u201eAll-m\u00e4chtig\u201c, wenn sie eine Distanz von 100 km \u00fcberbr\u00fccken k\u00f6nnen? Oder eher, wenn es Technik gelingt, direkten Hautkontakt zu imitieren? So nah kam Technik dem Menschen noch nie. Und doch tr\u00e4gt sie gleichzeitig zu einer Entfremdung bei. Wie weit neue Chancen gehen und wie nah lauernde Gefahren bereits sind, erkl\u00e4ren folgende drei Geschichten.<\/h2>\n\n\n\n<div style=\"height:100px\" aria-hidden=\"true\" class=\"wp-block-spacer\"><\/div>\n\n\n\n\t\t\t<div class=\"wp-block-uagb-post-masonry uagb-post-grid  uagb-post__image-position-top uagb-post__image-enabled uagb-block-857a0f5d     uagb-post__items uagb-post__columns-3 is-masonry uagb-post__columns-tablet-2 uagb-post__columns-mobile-1\" data-total=\"1\" style=\"\">\n\n\t\t\t\t\t\t\t\t\t\t\t\t<article class=\"uagb-post__inner-wrap\">\t\t\t\t\t\t\t\t<div class='uagb-post__image'>\n\t\t\t\t\t\t\t\t\t<a href=\"https:\/\/wp.zim.uni-passau.de\/unnahbar\/mit-dhl-ins-all\/\" target=\"_self\" rel=\"bookmark noopener noreferrer\"><img loading=\"lazy\" decoding=\"async\" width=\"960\" height=\"539\" src=\"https:\/\/wp.zim.uni-passau.de\/unnahbar\/wp-content\/uploads\/sites\/8\/2021\/07\/milky-way-2695569_1920-1024x575.jpg\" class=\"attachment-large size-large\" alt=\"\" srcset=\"https:\/\/wp.zim.uni-passau.de\/unnahbar\/wp-content\/uploads\/sites\/8\/2021\/07\/milky-way-2695569_1920-1024x575.jpg 1024w, https:\/\/wp.zim.uni-passau.de\/unnahbar\/wp-content\/uploads\/sites\/8\/2021\/07\/milky-way-2695569_1920-300x169.jpg 300w, https:\/\/wp.zim.uni-passau.de\/unnahbar\/wp-content\/uploads\/sites\/8\/2021\/07\/milky-way-2695569_1920-768x432.jpg 768w, https:\/\/wp.zim.uni-passau.de\/unnahbar\/wp-content\/uploads\/sites\/8\/2021\/07\/milky-way-2695569_1920-1536x863.jpg 1536w, https:\/\/wp.zim.uni-passau.de\/unnahbar\/wp-content\/uploads\/sites\/8\/2021\/07\/milky-way-2695569_1920-1400x787.jpg 1400w, https:\/\/wp.zim.uni-passau.de\/unnahbar\/wp-content\/uploads\/sites\/8\/2021\/07\/milky-way-2695569_1920.jpg 1920w\" sizes=\"auto, (max-width: 960px) 100vw, 960px\" data-original=\"https:\/\/wp.zim.uni-passau.de\/unnahbar\/wp-content\/uploads\/sites\/8\/2021\/07\/milky-way-2695569_1920-1024x575.jpg\" \/>\t\t\t\t\t<\/a>\n\t\t\t\t\t\t\t\t\t<\/div>\n\t\t\t\t\t\t<h2 class=\"uagb-post__title uagb-post__text\">\n\t\t\t\t<a href=\"https:\/\/wp.zim.uni-passau.de\/unnahbar\/mit-dhl-ins-all\/\" target=\"_self\" rel=\"bookmark noopener noreferrer\">90 Kilogramm auf dem Mond<\/a>\n\t\t\t<\/h2>\n\t\t\t\t\t\t<div class='uagb-post__text uagb-post-grid-byline'>\n\t\t\t\t\t\t\t<\/div>\n\t\t\t\t\t\t\t<div class='uagb-post__text uagb-post__excerpt'>\n\t\t\t\t\tF\u00fcr 460 Dollar auf den Mond. Was nach einem Schn\u00e4ppchen klingt, ist der neuste Schrei der Raumfahrt. Und tats\u00e4chlich ziemlich teuer, es handelt sich n\u00e4mlich nicht um ein Flugticket.\t\t\t\t<\/div>\n\t\t\t\t\t\t<div class=\"uagb-post__text uagb-post__cta wp-block-button\">\n\t\t\t\t<a class=\"wp-block-button__link uagb-text-link\" style=\"\" href=\"https:\/\/wp.zim.uni-passau.de\/unnahbar\/mit-dhl-ins-all\/\" target=\"_self\" rel=\"bookmark noopener noreferrer\">Zur Geschichte<\/a>\n\t\t\t<\/div>\n\t\t\t\n\t\t\t\t\t\t\t\t\t<\/article>\n\t\t\t\t\t\t\t\t\t\t\t\t\t\t\t\t<article class=\"uagb-post__inner-wrap\">\t\t\t\t\t\t\t\t<div class='uagb-post__image'>\n\t\t\t\t\t\t\t\t\t<a href=\"https:\/\/wp.zim.uni-passau.de\/unnahbar\/zu-frueh-ins-leben-gerissen\/\" target=\"_self\" rel=\"bookmark noopener noreferrer\"><img loading=\"lazy\" decoding=\"async\" width=\"960\" height=\"661\" src=\"https:\/\/wp.zim.uni-passau.de\/unnahbar\/wp-content\/uploads\/sites\/8\/2021\/07\/DSC_9533-1024x705.jpg\" class=\"attachment-large size-large\" alt=\"\" srcset=\"https:\/\/wp.zim.uni-passau.de\/unnahbar\/wp-content\/uploads\/sites\/8\/2021\/07\/DSC_9533-1024x705.jpg 1024w, https:\/\/wp.zim.uni-passau.de\/unnahbar\/wp-content\/uploads\/sites\/8\/2021\/07\/DSC_9533-300x206.jpg 300w, https:\/\/wp.zim.uni-passau.de\/unnahbar\/wp-content\/uploads\/sites\/8\/2021\/07\/DSC_9533-768x529.jpg 768w, https:\/\/wp.zim.uni-passau.de\/unnahbar\/wp-content\/uploads\/sites\/8\/2021\/07\/DSC_9533-1536x1057.jpg 1536w, https:\/\/wp.zim.uni-passau.de\/unnahbar\/wp-content\/uploads\/sites\/8\/2021\/07\/DSC_9533-2048x1410.jpg 2048w, https:\/\/wp.zim.uni-passau.de\/unnahbar\/wp-content\/uploads\/sites\/8\/2021\/07\/DSC_9533-1400x964.jpg 1400w\" sizes=\"auto, (max-width: 960px) 100vw, 960px\" data-original=\"https:\/\/wp.zim.uni-passau.de\/unnahbar\/wp-content\/uploads\/sites\/8\/2021\/07\/DSC_9533-1024x705.jpg\" \/>\t\t\t\t\t<\/a>\n\t\t\t\t\t\t\t\t\t<\/div>\n\t\t\t\t\t\t<h2 class=\"uagb-post__title uagb-post__text\">\n\t\t\t\t<a href=\"https:\/\/wp.zim.uni-passau.de\/unnahbar\/zu-frueh-ins-leben-gerissen\/\" target=\"_self\" rel=\"bookmark noopener noreferrer\">Zu fr\u00fch ins Leben gerissen<\/a>\n\t\t\t<\/h2>\n\t\t\t\t\t\t<div class='uagb-post__text uagb-post-grid-byline'>\n\t\t\t\t\t\t\t<\/div>\n\t\t\t\t\t\t\t<div class='uagb-post__text uagb-post__excerpt'>\n\t\t\t\t\tHaut-an-Haut-Kontakt f\u00f6rdert die Entwicklung von Fr\u00fchgeborenen. Aber wie wird er am besten hergestellt \u2013 durch die Mutter oder durch Maschinen?\t\t\t\t<\/div>\n\t\t\t\t\t\t<div class=\"uagb-post__text uagb-post__cta wp-block-button\">\n\t\t\t\t<a class=\"wp-block-button__link uagb-text-link\" style=\"\" href=\"https:\/\/wp.zim.uni-passau.de\/unnahbar\/zu-frueh-ins-leben-gerissen\/\" target=\"_self\" rel=\"bookmark noopener noreferrer\">Zur Geschichte<\/a>\n\t\t\t<\/div>\n\t\t\t\n\t\t\t\t\t\t\t\t\t<\/article>\n\t\t\t\t\t\t\t\t\t\t\t\t\t\t\t\t<article class=\"uagb-post__inner-wrap\">\t\t\t\t\t\t\t\t<div class='uagb-post__image'>\n\t\t\t\t\t\t\t\t\t<a href=\"https:\/\/wp.zim.uni-passau.de\/unnahbar\/algorithmen-unser-staendiger-begleiter\/\" target=\"_self\" rel=\"bookmark noopener noreferrer\"><img loading=\"lazy\" decoding=\"async\" width=\"960\" height=\"640\" src=\"https:\/\/wp.zim.uni-passau.de\/unnahbar\/wp-content\/uploads\/sites\/8\/2021\/07\/bild-1024x683.jpg\" class=\"attachment-large size-large\" alt=\"\" srcset=\"https:\/\/wp.zim.uni-passau.de\/unnahbar\/wp-content\/uploads\/sites\/8\/2021\/07\/bild-1024x683.jpg 1024w, https:\/\/wp.zim.uni-passau.de\/unnahbar\/wp-content\/uploads\/sites\/8\/2021\/07\/bild-300x200.jpg 300w, https:\/\/wp.zim.uni-passau.de\/unnahbar\/wp-content\/uploads\/sites\/8\/2021\/07\/bild-768x512.jpg 768w, https:\/\/wp.zim.uni-passau.de\/unnahbar\/wp-content\/uploads\/sites\/8\/2021\/07\/bild-1536x1024.jpg 1536w, https:\/\/wp.zim.uni-passau.de\/unnahbar\/wp-content\/uploads\/sites\/8\/2021\/07\/bild-1400x933.jpg 1400w, https:\/\/wp.zim.uni-passau.de\/unnahbar\/wp-content\/uploads\/sites\/8\/2021\/07\/bild.jpg 1920w\" sizes=\"auto, (max-width: 960px) 100vw, 960px\" data-original=\"https:\/\/wp.zim.uni-passau.de\/unnahbar\/wp-content\/uploads\/sites\/8\/2021\/07\/bild-1024x683.jpg\" \/>\t\t\t\t\t<\/a>\n\t\t\t\t\t\t\t\t\t<\/div>\n\t\t\t\t\t\t<h2 class=\"uagb-post__title uagb-post__text\">\n\t\t\t\t<a href=\"https:\/\/wp.zim.uni-passau.de\/unnahbar\/algorithmen-unser-staendiger-begleiter\/\" target=\"_self\" rel=\"bookmark noopener noreferrer\">(Un)fairer Algorithmus?<\/a>\n\t\t\t<\/h2>\n\t\t\t\t\t\t<div class='uagb-post__text uagb-post-grid-byline'>\n\t\t\t\t\t\t\t<\/div>\n\t\t\t\t\t\t\t<div class='uagb-post__text uagb-post__excerpt'>\n\t\t\t\t\tAlgorithmische Entscheidungssysteme begegnen uns im Alltag \u00f6fter, als man vermutet. Doch wie fair entscheidet der Algorithmus?\t\t\t\t<\/div>\n\t\t\t\t\t\t<div class=\"uagb-post__text uagb-post__cta wp-block-button\">\n\t\t\t\t<a class=\"wp-block-button__link uagb-text-link\" style=\"\" href=\"https:\/\/wp.zim.uni-passau.de\/unnahbar\/algorithmen-unser-staendiger-begleiter\/\" target=\"_self\" rel=\"bookmark noopener noreferrer\">Zur Geschichte<\/a>\n\t\t\t<\/div>\n\t\t\t\n\t\t\t\t\t\t\t\t\t<\/article>\n\t\t\t\t\t\t\t\t\t\t\t<\/div>\n\t\t\t\n\n\n<div style=\"height:100px\" aria-hidden=\"true\" class=\"wp-block-spacer\"><\/div>\n\n\n\n<div class=\"wp-block-columns is-layout-flex wp-container-core-columns-is-layout-9d6595d7 wp-block-columns-is-layout-flex\">\n<div class=\"wp-block-column is-layout-flow wp-block-column-is-layout-flow\"><\/div>\n\n\n\n<div class=\"wp-block-column is-layout-flow wp-block-column-is-layout-flow\"><div class=\"aligncenter wp-block-site-logo\"><a href=\"https:\/\/wp.zim.uni-passau.de\/unnahbar\/\" class=\"custom-logo-link\" rel=\"home\"><img loading=\"lazy\" decoding=\"async\" width=\"235\" height=\"235\" src=\"https:\/\/wp.zim.uni-passau.de\/unnahbar\/wp-content\/uploads\/sites\/8\/2021\/07\/Logo_JMC-2021.png\" class=\"custom-logo\" alt=\"[Un]nahbar\" srcset=\"https:\/\/wp.zim.uni-passau.de\/unnahbar\/wp-content\/uploads\/sites\/8\/2021\/07\/Logo_JMC-2021.png 2223w, https:\/\/wp.zim.uni-passau.de\/unnahbar\/wp-content\/uploads\/sites\/8\/2021\/07\/Logo_JMC-2021-300x300.png 300w, https:\/\/wp.zim.uni-passau.de\/unnahbar\/wp-content\/uploads\/sites\/8\/2021\/07\/Logo_JMC-2021-1024x1024.png 1024w, https:\/\/wp.zim.uni-passau.de\/unnahbar\/wp-content\/uploads\/sites\/8\/2021\/07\/Logo_JMC-2021-150x150.png 150w, https:\/\/wp.zim.uni-passau.de\/unnahbar\/wp-content\/uploads\/sites\/8\/2021\/07\/Logo_JMC-2021-768x768.png 768w, https:\/\/wp.zim.uni-passau.de\/unnahbar\/wp-content\/uploads\/sites\/8\/2021\/07\/Logo_JMC-2021-1536x1536.png 1536w, https:\/\/wp.zim.uni-passau.de\/unnahbar\/wp-content\/uploads\/sites\/8\/2021\/07\/Logo_JMC-2021-2048x2048.png 2048w, https:\/\/wp.zim.uni-passau.de\/unnahbar\/wp-content\/uploads\/sites\/8\/2021\/07\/Logo_JMC-2021-700x700.png 700w, https:\/\/wp.zim.uni-passau.de\/unnahbar\/wp-content\/uploads\/sites\/8\/2021\/07\/Logo_JMC-2021-1400x1400.png 1400w\" sizes=\"auto, (max-width: 235px) 100vw, 235px\" data-original=\"https:\/\/wp.zim.uni-passau.de\/unnahbar\/wp-content\/uploads\/sites\/8\/2021\/07\/Logo_JMC-2021.png\" \/><\/a><\/div><\/div>\n\n\n\n<div class=\"wp-block-column is-layout-flow wp-block-column-is-layout-flow\"><\/div>\n<\/div>\n<script language='javascript' type='text\/javascript'>function getWR360PopupSkin(){return 'light_clean';}<\/script>","protected":false},"excerpt":{"rendered":"<p>Nutzt der Mensch die Technik oder nutzt die Technik den Menschen? Werden technologische Entwicklungen \u201eAll-m\u00e4chtig\u201c, wenn sie eine Distanz von 100 km \u00fcberbr\u00fccken k\u00f6nnen? Oder eher, wenn es Technik gelingt, [&hellip;]<\/p>\n","protected":false},"author":437,"featured_media":1198,"parent":0,"menu_order":0,"comment_status":"closed","ping_status":"closed","template":"template-full-width.php","meta":{"_acf_changed":false,"_uag_custom_page_level_css":"","footnotes":""},"class_list":["post-33","page","type-page","status-publish","has-post-thumbnail","hentry"],"acf":[],"pbg_featured_image_src":{"full":["https:\/\/wp.zim.uni-passau.de\/unnahbar\/wp-content\/uploads\/sites\/8\/2021\/07\/Technik_NEU.png",10668,6001,false],"thumbnail":["https:\/\/wp.zim.uni-passau.de\/unnahbar\/wp-content\/uploads\/sites\/8\/2021\/07\/Technik_NEU-150x150.png",150,150,true],"medium":["https:\/\/wp.zim.uni-passau.de\/unnahbar\/wp-content\/uploads\/sites\/8\/2021\/07\/Technik_NEU-300x169.png",300,169,true],"medium_large":["https:\/\/wp.zim.uni-passau.de\/unnahbar\/wp-content\/uploads\/sites\/8\/2021\/07\/Technik_NEU-768x432.png",768,432,true],"large":["https:\/\/wp.zim.uni-passau.de\/unnahbar\/wp-content\/uploads\/sites\/8\/2021\/07\/Technik_NEU-1024x576.png",960,540,true],"1536x1536":["https:\/\/wp.zim.uni-passau.de\/unnahbar\/wp-content\/uploads\/sites\/8\/2021\/07\/Technik_NEU-1536x864.png",1536,864,true],"2048x2048":["https:\/\/wp.zim.uni-passau.de\/unnahbar\/wp-content\/uploads\/sites\/8\/2021\/07\/Technik_NEU-2048x1152.png",2048,1152,true],"quadro-sq-thumb":["https:\/\/wp.zim.uni-passau.de\/unnahbar\/wp-content\/uploads\/sites\/8\/2021\/07\/Technik_NEU-700x700.png",700,700,true],"quadro-med-thumb":["https:\/\/wp.zim.uni-passau.de\/unnahbar\/wp-content\/uploads\/sites\/8\/2021\/07\/Technik_NEU-700x507.png",700,507,true],"quadro-full-thumb":["https:\/\/wp.zim.uni-passau.de\/unnahbar\/wp-content\/uploads\/sites\/8\/2021\/07\/Technik_NEU-1400x788.png",1400,788,true]},"pbg_author_info":{"display_name":"Felix Neubauer","author_link":"https:\/\/wp.zim.uni-passau.de\/unnahbar\/author\/neubau22\/","author_img":"<img alt='Barbara Waretzi' src='https:\/\/secure.gravatar.com\/avatar\/55d548c0f153270a23eb3d178869677245ef77cff32ec3f66213cd372f935796?s=128&#038;d=mm&#038;r=g' srcset='https:\/\/secure.gravatar.com\/avatar\/55d548c0f153270a23eb3d178869677245ef77cff32ec3f66213cd372f935796?s=256&#038;d=mm&#038;r=g 2x' class='avatar avatar-128 photo' height='128' width='128' loading='lazy' decoding='async'\/>"},"pbg_comment_info":" No Comments","pbg_excerpt":"Nutzt der Mensch die Technik oder nutzt die Technik den Menschen? Werden technologische Entwicklungen \u201eAll-m\u00e4chtig\u201c, wenn sie eine Distanz von 100 km \u00fcberbr\u00fccken k\u00f6nnen? Oder eher, wenn es Technik gelingt, [&hellip;]","uagb_featured_image_src":{"full":["https:\/\/wp.zim.uni-passau.de\/unnahbar\/wp-content\/uploads\/sites\/8\/2021\/07\/Technik_NEU.png",10668,6001,false],"thumbnail":["https:\/\/wp.zim.uni-passau.de\/unnahbar\/wp-content\/uploads\/sites\/8\/2021\/07\/Technik_NEU-150x150.png",150,150,true],"medium":["https:\/\/wp.zim.uni-passau.de\/unnahbar\/wp-content\/uploads\/sites\/8\/2021\/07\/Technik_NEU-300x169.png",300,169,true],"medium_large":["https:\/\/wp.zim.uni-passau.de\/unnahbar\/wp-content\/uploads\/sites\/8\/2021\/07\/Technik_NEU-768x432.png",768,432,true],"large":["https:\/\/wp.zim.uni-passau.de\/unnahbar\/wp-content\/uploads\/sites\/8\/2021\/07\/Technik_NEU-1024x576.png",960,540,true],"1536x1536":["https:\/\/wp.zim.uni-passau.de\/unnahbar\/wp-content\/uploads\/sites\/8\/2021\/07\/Technik_NEU-1536x864.png",1536,864,true],"2048x2048":["https:\/\/wp.zim.uni-passau.de\/unnahbar\/wp-content\/uploads\/sites\/8\/2021\/07\/Technik_NEU-2048x1152.png",2048,1152,true],"quadro-sq-thumb":["https:\/\/wp.zim.uni-passau.de\/unnahbar\/wp-content\/uploads\/sites\/8\/2021\/07\/Technik_NEU-700x700.png",700,700,true],"quadro-med-thumb":["https:\/\/wp.zim.uni-passau.de\/unnahbar\/wp-content\/uploads\/sites\/8\/2021\/07\/Technik_NEU-700x507.png",700,507,true],"quadro-full-thumb":["https:\/\/wp.zim.uni-passau.de\/unnahbar\/wp-content\/uploads\/sites\/8\/2021\/07\/Technik_NEU-1400x788.png",1400,788,true]},"uagb_author_info":{"display_name":"Felix Neubauer","author_link":"https:\/\/wp.zim.uni-passau.de\/unnahbar\/author\/neubau22\/"},"uagb_comment_info":0,"uagb_excerpt":"Nutzt der Mensch die Technik oder nutzt die Technik den Menschen? Werden technologische Entwicklungen \u201eAll-m\u00e4chtig\u201c, wenn sie eine Distanz von 100 km \u00fcberbr\u00fccken k\u00f6nnen? Oder eher, wenn es Technik gelingt, [&hellip;]","_links":{"self":[{"href":"https:\/\/wp.zim.uni-passau.de\/unnahbar\/wp-json\/wp\/v2\/pages\/33","targetHints":{"allow":["GET"]}}],"collection":[{"href":"https:\/\/wp.zim.uni-passau.de\/unnahbar\/wp-json\/wp\/v2\/pages"}],"about":[{"href":"https:\/\/wp.zim.uni-passau.de\/unnahbar\/wp-json\/wp\/v2\/types\/page"}],"author":[{"embeddable":true,"href":"https:\/\/wp.zim.uni-passau.de\/unnahbar\/wp-json\/wp\/v2\/users\/437"}],"replies":[{"embeddable":true,"href":"https:\/\/wp.zim.uni-passau.de\/unnahbar\/wp-json\/wp\/v2\/comments?post=33"}],"version-history":[{"count":17,"href":"https:\/\/wp.zim.uni-passau.de\/unnahbar\/wp-json\/wp\/v2\/pages\/33\/revisions"}],"predecessor-version":[{"id":3204,"href":"https:\/\/wp.zim.uni-passau.de\/unnahbar\/wp-json\/wp\/v2\/pages\/33\/revisions\/3204"}],"wp:featuredmedia":[{"embeddable":true,"href":"https:\/\/wp.zim.uni-passau.de\/unnahbar\/wp-json\/wp\/v2\/media\/1198"}],"wp:attachment":[{"href":"https:\/\/wp.zim.uni-passau.de\/unnahbar\/wp-json\/wp\/v2\/media?parent=33"}],"curies":[{"name":"wp","href":"https:\/\/api.w.org\/{rel}","templated":true}]}}