{"id":102,"date":"2021-07-05T18:35:19","date_gmt":"2021-07-05T16:35:19","guid":{"rendered":"https:\/\/wp.zim.uni-passau.de\/unnahbar\/?page_id=102"},"modified":"2021-07-16T14:24:22","modified_gmt":"2021-07-16T12:24:22","slug":"berufe","status":"publish","type":"page","link":"https:\/\/wp.zim.uni-passau.de\/unnahbar\/berufe\/","title":{"rendered":"Berufe"},"content":{"rendered":"\n<h2 class=\"has-text-align-center wp-block-heading\" style=\"font-size:25px\">Sie alle haben eines gemeinsam: ihre Professionalit\u00e4t. Der eine im Umgang mit k\u00f6rperlicher oder psychischer N\u00e4he, der andere im Umgang mit dem Tod. Doch was steckt dahinter? Wir haben hinter die Fassade vier verschiedener Berufe geschaut und gemerkt, dass Professionalit\u00e4t alleine nicht reicht. Im Gespr\u00e4ch mit Vertreter:innen unterschiedlicher Berufsgruppen haben wir herausgefunden, welche Rolle N\u00e4he und Distanz in ihrem Beruf spielen. <\/h2>\n\n\n\n<div style=\"height:100px\" aria-hidden=\"true\" class=\"wp-block-spacer\"><\/div>\n\n\n\n\t\t\t<div class=\"wp-block-uagb-post-masonry uagb-post-grid  uagb-post__image-position-top uagb-post__image-enabled uagb-block-f6f23464     uagb-post__items uagb-post__columns-2 is-masonry uagb-post__columns-tablet-2 uagb-post__columns-mobile-1\" data-total=\"1\" style=\"\">\n\n\t\t\t\t\t\t\t\t\t\t\t\t<article class=\"uagb-post__inner-wrap\">\t\t\t\t\t\t\t\t<div class='uagb-post__image'>\n\t\t\t\t\t\t\t\t\t<a href=\"https:\/\/wp.zim.uni-passau.de\/unnahbar\/asche-zu-asche\/\" target=\"_self\" rel=\"bookmark noopener noreferrer\"><img loading=\"lazy\" decoding=\"async\" width=\"960\" height=\"640\" src=\"https:\/\/wp.zim.uni-passau.de\/unnahbar\/wp-content\/uploads\/sites\/8\/2021\/07\/Krematorium19-1024x683.png\" class=\"attachment-large size-large\" alt=\"\" srcset=\"https:\/\/wp.zim.uni-passau.de\/unnahbar\/wp-content\/uploads\/sites\/8\/2021\/07\/Krematorium19-1024x683.png 1024w, https:\/\/wp.zim.uni-passau.de\/unnahbar\/wp-content\/uploads\/sites\/8\/2021\/07\/Krematorium19-300x200.png 300w, https:\/\/wp.zim.uni-passau.de\/unnahbar\/wp-content\/uploads\/sites\/8\/2021\/07\/Krematorium19-768x512.png 768w, https:\/\/wp.zim.uni-passau.de\/unnahbar\/wp-content\/uploads\/sites\/8\/2021\/07\/Krematorium19-1536x1024.png 1536w, https:\/\/wp.zim.uni-passau.de\/unnahbar\/wp-content\/uploads\/sites\/8\/2021\/07\/Krematorium19-2048x1366.png 2048w, https:\/\/wp.zim.uni-passau.de\/unnahbar\/wp-content\/uploads\/sites\/8\/2021\/07\/Krematorium19-1400x933.png 1400w\" sizes=\"auto, (max-width: 960px) 100vw, 960px\" data-original=\"https:\/\/wp.zim.uni-passau.de\/unnahbar\/wp-content\/uploads\/sites\/8\/2021\/07\/Krematorium19-1024x683.png\" \/>\t\t\t\t\t<\/a>\n\t\t\t\t\t\t\t\t\t<\/div>\n\t\t\t\t\t\t<h2 class=\"uagb-post__title uagb-post__text\">\n\t\t\t\t<a href=\"https:\/\/wp.zim.uni-passau.de\/unnahbar\/asche-zu-asche\/\" target=\"_self\" rel=\"bookmark noopener noreferrer\">Asche zu Asche<\/a>\n\t\t\t<\/h2>\n\t\t\t\t\t\t<div class='uagb-post__text uagb-post-grid-byline'>\n\t\t\t\t\t\t\t<\/div>\n\t\t\t\t\t\t\t<div class='uagb-post__text uagb-post__excerpt'>\n\t\t\t\t\tWo Martin Kohlbacher arbeitet, riecht es nach Rauch. Jeden Tag wird er mit Tod und Sterblichkeit konfrontiert. Sein Arbeitsplatz ist ein Krematorium.\t\t\t\t<\/div>\n\t\t\t\t\t\t<div class=\"uagb-post__text uagb-post__cta wp-block-button\">\n\t\t\t\t<a class=\"wp-block-button__link uagb-text-link\" style=\"\" href=\"https:\/\/wp.zim.uni-passau.de\/unnahbar\/asche-zu-asche\/\" target=\"_self\" rel=\"bookmark noopener noreferrer\">Zur Geschichte<\/a>\n\t\t\t<\/div>\n\t\t\t\n\t\t\t\t\t\t\t\t\t<\/article>\n\t\t\t\t\t\t\t\t\t\t\t\t\t\t\t\t<article class=\"uagb-post__inner-wrap\">\t\t\t\t\t\t\t\t<div class='uagb-post__image'>\n\t\t\t\t\t\t\t\t\t<a href=\"https:\/\/wp.zim.uni-passau.de\/unnahbar\/wenn-n\/\" target=\"_self\" rel=\"bookmark noopener noreferrer\"><img loading=\"lazy\" decoding=\"async\" width=\"960\" height=\"640\" src=\"https:\/\/wp.zim.uni-passau.de\/unnahbar\/wp-content\/uploads\/sites\/8\/2021\/07\/Kuschelkiste-Farbe-0201-Retouchiert-2-1024x683.jpg\" class=\"attachment-large size-large\" alt=\"\" srcset=\"https:\/\/wp.zim.uni-passau.de\/unnahbar\/wp-content\/uploads\/sites\/8\/2021\/07\/Kuschelkiste-Farbe-0201-Retouchiert-2-1024x683.jpg 1024w, https:\/\/wp.zim.uni-passau.de\/unnahbar\/wp-content\/uploads\/sites\/8\/2021\/07\/Kuschelkiste-Farbe-0201-Retouchiert-2-300x200.jpg 300w, https:\/\/wp.zim.uni-passau.de\/unnahbar\/wp-content\/uploads\/sites\/8\/2021\/07\/Kuschelkiste-Farbe-0201-Retouchiert-2-768x512.jpg 768w, https:\/\/wp.zim.uni-passau.de\/unnahbar\/wp-content\/uploads\/sites\/8\/2021\/07\/Kuschelkiste-Farbe-0201-Retouchiert-2-1536x1024.jpg 1536w, https:\/\/wp.zim.uni-passau.de\/unnahbar\/wp-content\/uploads\/sites\/8\/2021\/07\/Kuschelkiste-Farbe-0201-Retouchiert-2-2048x1365.jpg 2048w, https:\/\/wp.zim.uni-passau.de\/unnahbar\/wp-content\/uploads\/sites\/8\/2021\/07\/Kuschelkiste-Farbe-0201-Retouchiert-2-1400x933.jpg 1400w\" sizes=\"auto, (max-width: 960px) 100vw, 960px\" data-original=\"https:\/\/wp.zim.uni-passau.de\/unnahbar\/wp-content\/uploads\/sites\/8\/2021\/07\/Kuschelkiste-Farbe-0201-Retouchiert-2-1024x683.jpg\" \/>\t\t\t\t\t<\/a>\n\t\t\t\t\t\t\t\t\t<\/div>\n\t\t\t\t\t\t<h2 class=\"uagb-post__title uagb-post__text\">\n\t\t\t\t<a href=\"https:\/\/wp.zim.uni-passau.de\/unnahbar\/wenn-n\/\" target=\"_self\" rel=\"bookmark noopener noreferrer\">Wenn N\u00e4he fehlt<\/a>\n\t\t\t<\/h2>\n\t\t\t\t\t\t<div class='uagb-post__text uagb-post-grid-byline'>\n\t\t\t\t\t\t\t<\/div>\n\t\t\t\t\t\t\t<div class='uagb-post__text uagb-post__excerpt'>\n\t\t\t\t\tEinsamkeit hat viele Facetten. Manche Menschen sind unfreiwillig allein, andere haben das Gef\u00fchl, bestehende Beziehungen gen\u00fcgen nicht. Professionelle Kuschler:innen versuchen das zu \u00e4ndern. Ein kurioser Beruf mit gro\u00dfem Effekt.\t\t\t\t<\/div>\n\t\t\t\t\t\t<div class=\"uagb-post__text uagb-post__cta wp-block-button\">\n\t\t\t\t<a class=\"wp-block-button__link uagb-text-link\" style=\"\" href=\"https:\/\/wp.zim.uni-passau.de\/unnahbar\/wenn-n\/\" target=\"_self\" rel=\"bookmark noopener noreferrer\">Zur Geschichte<\/a>\n\t\t\t<\/div>\n\t\t\t\n\t\t\t\t\t\t\t\t\t<\/article>\n\t\t\t\t\t\t\t\t\t\t\t\t\t\t\t\t<article class=\"uagb-post__inner-wrap\">\t\t\t\t\t\t\t\t<div class='uagb-post__image'>\n\t\t\t\t\t\t\t\t\t<a href=\"https:\/\/wp.zim.uni-passau.de\/unnahbar\/wenn-instagram-auf-die-psyche-trifft\/\" target=\"_self\" rel=\"bookmark noopener noreferrer\"><img loading=\"lazy\" decoding=\"async\" width=\"960\" height=\"540\" src=\"https:\/\/wp.zim.uni-passau.de\/unnahbar\/wp-content\/uploads\/sites\/8\/2021\/07\/Beitragsbild-Option-D-1024x576.png\" class=\"attachment-large size-large\" alt=\"\" srcset=\"https:\/\/wp.zim.uni-passau.de\/unnahbar\/wp-content\/uploads\/sites\/8\/2021\/07\/Beitragsbild-Option-D-1024x576.png 1024w, https:\/\/wp.zim.uni-passau.de\/unnahbar\/wp-content\/uploads\/sites\/8\/2021\/07\/Beitragsbild-Option-D-300x169.png 300w, https:\/\/wp.zim.uni-passau.de\/unnahbar\/wp-content\/uploads\/sites\/8\/2021\/07\/Beitragsbild-Option-D-768x432.png 768w, https:\/\/wp.zim.uni-passau.de\/unnahbar\/wp-content\/uploads\/sites\/8\/2021\/07\/Beitragsbild-Option-D-1536x864.png 1536w, https:\/\/wp.zim.uni-passau.de\/unnahbar\/wp-content\/uploads\/sites\/8\/2021\/07\/Beitragsbild-Option-D-1400x788.png 1400w, https:\/\/wp.zim.uni-passau.de\/unnahbar\/wp-content\/uploads\/sites\/8\/2021\/07\/Beitragsbild-Option-D.png 1920w\" sizes=\"auto, (max-width: 960px) 100vw, 960px\" data-original=\"https:\/\/wp.zim.uni-passau.de\/unnahbar\/wp-content\/uploads\/sites\/8\/2021\/07\/Beitragsbild-Option-D-1024x576.png\" \/>\t\t\t\t\t<\/a>\n\t\t\t\t\t\t\t\t\t<\/div>\n\t\t\t\t\t\t<h2 class=\"uagb-post__title uagb-post__text\">\n\t\t\t\t<a href=\"https:\/\/wp.zim.uni-passau.de\/unnahbar\/wenn-instagram-auf-die-psyche-trifft\/\" target=\"_self\" rel=\"bookmark noopener noreferrer\">Wenn Instagram [auf] Psyche trifft<\/a>\n\t\t\t<\/h2>\n\t\t\t\t\t\t<div class='uagb-post__text uagb-post-grid-byline'>\n\t\t\t\t\t\t\t<\/div>\n\t\t\t\t\t\t\t<div class='uagb-post__text uagb-post__excerpt'>\n\t\t\t\t\t\u201eChoose happy\u201c \u2013 haben sie gesagt. Warum bunte Buchstaben Depressionen besser erkl\u00e4ren als schwarz-wei\u00df-Fotos und wie Therapeut:innen Instagram nutzen k\u00f6nnen.\t\t\t\t<\/div>\n\t\t\t\t\t\t<div class=\"uagb-post__text uagb-post__cta wp-block-button\">\n\t\t\t\t<a class=\"wp-block-button__link uagb-text-link\" style=\"\" href=\"https:\/\/wp.zim.uni-passau.de\/unnahbar\/wenn-instagram-auf-die-psyche-trifft\/\" target=\"_self\" rel=\"bookmark noopener noreferrer\">Zur Geschichte<\/a>\n\t\t\t<\/div>\n\t\t\t\n\t\t\t\t\t\t\t\t\t<\/article>\n\t\t\t\t\t\t\t\t\t\t\t\t\t\t\t\t<article class=\"uagb-post__inner-wrap\">\t\t\t\t\t\t\t\t<div class='uagb-post__image'>\n\t\t\t\t\t\t\t\t\t<a href=\"https:\/\/wp.zim.uni-passau.de\/unnahbar\/mitfuehlen-ohne-mitzuleiden-der-mittelweg-zwischen-naehe-und-distanz\/\" target=\"_self\" rel=\"bookmark noopener noreferrer\"><img loading=\"lazy\" decoding=\"async\" width=\"612\" height=\"408\" src=\"https:\/\/wp.zim.uni-passau.de\/unnahbar\/wp-content\/uploads\/sites\/8\/2021\/07\/istockphoto-1219921820-612x612-1.jpg\" class=\"attachment-large size-large\" alt=\"\" srcset=\"https:\/\/wp.zim.uni-passau.de\/unnahbar\/wp-content\/uploads\/sites\/8\/2021\/07\/istockphoto-1219921820-612x612-1.jpg 612w, https:\/\/wp.zim.uni-passau.de\/unnahbar\/wp-content\/uploads\/sites\/8\/2021\/07\/istockphoto-1219921820-612x612-1-300x200.jpg 300w\" sizes=\"auto, (max-width: 612px) 100vw, 612px\" data-original=\"https:\/\/wp.zim.uni-passau.de\/unnahbar\/wp-content\/uploads\/sites\/8\/2021\/07\/istockphoto-1219921820-612x612-1.jpg\" \/>\t\t\t\t\t<\/a>\n\t\t\t\t\t\t\t\t\t<\/div>\n\t\t\t\t\t\t<h2 class=\"uagb-post__title uagb-post__text\">\n\t\t\t\t<a href=\"https:\/\/wp.zim.uni-passau.de\/unnahbar\/mitfuehlen-ohne-mitzuleiden-der-mittelweg-zwischen-naehe-und-distanz\/\" target=\"_self\" rel=\"bookmark noopener noreferrer\">Mitf\u00fchlen, ohne mitzuleiden<\/a>\n\t\t\t<\/h2>\n\t\t\t\t\t\t<div class='uagb-post__text uagb-post-grid-byline'>\n\t\t\t\t\t\t\t<\/div>\n\t\t\t\t\t\t\t<div class='uagb-post__text uagb-post__excerpt'>\n\t\t\t\t\tDer Pflegeberuf ist ein fest integrierter Bestandteil unserer Gesellschaft. Doch die physische N\u00e4he zu den Patienten ist nicht das Einzige, womit sich Pflegekr\u00e4fte tagt\u00e4glich auseinandersetzen m\u00fcssen.\t\t\t\t<\/div>\n\t\t\t\t\t\t<div class=\"uagb-post__text uagb-post__cta wp-block-button\">\n\t\t\t\t<a class=\"wp-block-button__link uagb-text-link\" style=\"\" href=\"https:\/\/wp.zim.uni-passau.de\/unnahbar\/mitfuehlen-ohne-mitzuleiden-der-mittelweg-zwischen-naehe-und-distanz\/\" target=\"_self\" rel=\"bookmark noopener noreferrer\">Zur Geschichte<\/a>\n\t\t\t<\/div>\n\t\t\t\n\t\t\t\t\t\t\t\t\t<\/article>\n\t\t\t\t\t\t\t\t\t\t\t<\/div>\n\t\t\t\n\n\n<div style=\"height:100px\" aria-hidden=\"true\" class=\"wp-block-spacer\"><\/div>\n\n\n\n<div class=\"wp-block-columns is-layout-flex wp-container-core-columns-is-layout-9d6595d7 wp-block-columns-is-layout-flex\">\n<div class=\"wp-block-column is-layout-flow wp-block-column-is-layout-flow\"><\/div>\n\n\n\n<div class=\"wp-block-column is-layout-flow wp-block-column-is-layout-flow\"><div class=\"aligncenter wp-block-site-logo\"><a href=\"https:\/\/wp.zim.uni-passau.de\/unnahbar\/\" class=\"custom-logo-link\" rel=\"home\"><img loading=\"lazy\" decoding=\"async\" width=\"235\" height=\"235\" src=\"https:\/\/wp.zim.uni-passau.de\/unnahbar\/wp-content\/uploads\/sites\/8\/2021\/07\/Logo_JMC-2021.png\" class=\"custom-logo\" alt=\"[Un]nahbar\" srcset=\"https:\/\/wp.zim.uni-passau.de\/unnahbar\/wp-content\/uploads\/sites\/8\/2021\/07\/Logo_JMC-2021.png 2223w, https:\/\/wp.zim.uni-passau.de\/unnahbar\/wp-content\/uploads\/sites\/8\/2021\/07\/Logo_JMC-2021-300x300.png 300w, https:\/\/wp.zim.uni-passau.de\/unnahbar\/wp-content\/uploads\/sites\/8\/2021\/07\/Logo_JMC-2021-1024x1024.png 1024w, https:\/\/wp.zim.uni-passau.de\/unnahbar\/wp-content\/uploads\/sites\/8\/2021\/07\/Logo_JMC-2021-150x150.png 150w, https:\/\/wp.zim.uni-passau.de\/unnahbar\/wp-content\/uploads\/sites\/8\/2021\/07\/Logo_JMC-2021-768x768.png 768w, https:\/\/wp.zim.uni-passau.de\/unnahbar\/wp-content\/uploads\/sites\/8\/2021\/07\/Logo_JMC-2021-1536x1536.png 1536w, https:\/\/wp.zim.uni-passau.de\/unnahbar\/wp-content\/uploads\/sites\/8\/2021\/07\/Logo_JMC-2021-2048x2048.png 2048w, https:\/\/wp.zim.uni-passau.de\/unnahbar\/wp-content\/uploads\/sites\/8\/2021\/07\/Logo_JMC-2021-700x700.png 700w, https:\/\/wp.zim.uni-passau.de\/unnahbar\/wp-content\/uploads\/sites\/8\/2021\/07\/Logo_JMC-2021-1400x1400.png 1400w\" sizes=\"auto, (max-width: 235px) 100vw, 235px\" data-original=\"https:\/\/wp.zim.uni-passau.de\/unnahbar\/wp-content\/uploads\/sites\/8\/2021\/07\/Logo_JMC-2021.png\" \/><\/a><\/div><\/div>\n\n\n\n<div class=\"wp-block-column is-layout-flow wp-block-column-is-layout-flow\"><\/div>\n<\/div>\n<script language='javascript' type='text\/javascript'>function getWR360PopupSkin(){return 'light_clean';}<\/script>","protected":false},"excerpt":{"rendered":"<p>Sie alle haben eines gemeinsam: ihre Professionalit\u00e4t. Der eine im Umgang mit k\u00f6rperlicher oder psychischer N\u00e4he, der andere im Umgang mit dem Tod. Doch was steckt dahinter? Wir haben hinter [&hellip;]<\/p>\n","protected":false},"author":437,"featured_media":1190,"parent":0,"menu_order":0,"comment_status":"closed","ping_status":"closed","template":"template-full-width.php","meta":{"_acf_changed":false,"_uag_custom_page_level_css":"","footnotes":""},"class_list":["post-102","page","type-page","status-publish","has-post-thumbnail","hentry"],"acf":[],"pbg_featured_image_src":{"full":["https:\/\/wp.zim.uni-passau.de\/unnahbar\/wp-content\/uploads\/sites\/8\/2021\/07\/Berufe_NEU.png",10668,6001,false],"thumbnail":["https:\/\/wp.zim.uni-passau.de\/unnahbar\/wp-content\/uploads\/sites\/8\/2021\/07\/Berufe_NEU-150x150.png",150,150,true],"medium":["https:\/\/wp.zim.uni-passau.de\/unnahbar\/wp-content\/uploads\/sites\/8\/2021\/07\/Berufe_NEU-300x169.png",300,169,true],"medium_large":["https:\/\/wp.zim.uni-passau.de\/unnahbar\/wp-content\/uploads\/sites\/8\/2021\/07\/Berufe_NEU-768x432.png",768,432,true],"large":["https:\/\/wp.zim.uni-passau.de\/unnahbar\/wp-content\/uploads\/sites\/8\/2021\/07\/Berufe_NEU-1024x576.png",960,540,true],"1536x1536":["https:\/\/wp.zim.uni-passau.de\/unnahbar\/wp-content\/uploads\/sites\/8\/2021\/07\/Berufe_NEU-1536x864.png",1536,864,true],"2048x2048":["https:\/\/wp.zim.uni-passau.de\/unnahbar\/wp-content\/uploads\/sites\/8\/2021\/07\/Berufe_NEU-2048x1152.png",2048,1152,true],"quadro-sq-thumb":["https:\/\/wp.zim.uni-passau.de\/unnahbar\/wp-content\/uploads\/sites\/8\/2021\/07\/Berufe_NEU-700x700.png",700,700,true],"quadro-med-thumb":["https:\/\/wp.zim.uni-passau.de\/unnahbar\/wp-content\/uploads\/sites\/8\/2021\/07\/Berufe_NEU-700x507.png",700,507,true],"quadro-full-thumb":["https:\/\/wp.zim.uni-passau.de\/unnahbar\/wp-content\/uploads\/sites\/8\/2021\/07\/Berufe_NEU-1400x788.png",1400,788,true]},"pbg_author_info":{"display_name":"Felix Neubauer","author_link":"https:\/\/wp.zim.uni-passau.de\/unnahbar\/author\/neubau22\/","author_img":"<img alt='Sarah Koschinski' src='https:\/\/secure.gravatar.com\/avatar\/b6df69984bf7272a60cffecca4d2ced74fe4ded3ca63629a9c4f0ebf4d0a1158?s=128&#038;d=mm&#038;r=g' srcset='https:\/\/secure.gravatar.com\/avatar\/b6df69984bf7272a60cffecca4d2ced74fe4ded3ca63629a9c4f0ebf4d0a1158?s=256&#038;d=mm&#038;r=g 2x' class='avatar avatar-128 photo' height='128' width='128' loading='lazy' decoding='async'\/>"},"pbg_comment_info":" No Comments","pbg_excerpt":"Sie alle haben eines gemeinsam: ihre Professionalit\u00e4t. Der eine im Umgang mit k\u00f6rperlicher oder psychischer N\u00e4he, der andere im Umgang mit dem Tod. Doch was steckt dahinter? Wir haben hinter [&hellip;]","uagb_featured_image_src":{"full":["https:\/\/wp.zim.uni-passau.de\/unnahbar\/wp-content\/uploads\/sites\/8\/2021\/07\/Berufe_NEU.png",10668,6001,false],"thumbnail":["https:\/\/wp.zim.uni-passau.de\/unnahbar\/wp-content\/uploads\/sites\/8\/2021\/07\/Berufe_NEU-150x150.png",150,150,true],"medium":["https:\/\/wp.zim.uni-passau.de\/unnahbar\/wp-content\/uploads\/sites\/8\/2021\/07\/Berufe_NEU-300x169.png",300,169,true],"medium_large":["https:\/\/wp.zim.uni-passau.de\/unnahbar\/wp-content\/uploads\/sites\/8\/2021\/07\/Berufe_NEU-768x432.png",768,432,true],"large":["https:\/\/wp.zim.uni-passau.de\/unnahbar\/wp-content\/uploads\/sites\/8\/2021\/07\/Berufe_NEU-1024x576.png",960,540,true],"1536x1536":["https:\/\/wp.zim.uni-passau.de\/unnahbar\/wp-content\/uploads\/sites\/8\/2021\/07\/Berufe_NEU-1536x864.png",1536,864,true],"2048x2048":["https:\/\/wp.zim.uni-passau.de\/unnahbar\/wp-content\/uploads\/sites\/8\/2021\/07\/Berufe_NEU-2048x1152.png",2048,1152,true],"quadro-sq-thumb":["https:\/\/wp.zim.uni-passau.de\/unnahbar\/wp-content\/uploads\/sites\/8\/2021\/07\/Berufe_NEU-700x700.png",700,700,true],"quadro-med-thumb":["https:\/\/wp.zim.uni-passau.de\/unnahbar\/wp-content\/uploads\/sites\/8\/2021\/07\/Berufe_NEU-700x507.png",700,507,true],"quadro-full-thumb":["https:\/\/wp.zim.uni-passau.de\/unnahbar\/wp-content\/uploads\/sites\/8\/2021\/07\/Berufe_NEU-1400x788.png",1400,788,true]},"uagb_author_info":{"display_name":"Felix Neubauer","author_link":"https:\/\/wp.zim.uni-passau.de\/unnahbar\/author\/neubau22\/"},"uagb_comment_info":0,"uagb_excerpt":"Sie alle haben eines gemeinsam: ihre Professionalit\u00e4t. Der eine im Umgang mit k\u00f6rperlicher oder psychischer N\u00e4he, der andere im Umgang mit dem Tod. Doch was steckt dahinter? Wir haben hinter [&hellip;]","_links":{"self":[{"href":"https:\/\/wp.zim.uni-passau.de\/unnahbar\/wp-json\/wp\/v2\/pages\/102","targetHints":{"allow":["GET"]}}],"collection":[{"href":"https:\/\/wp.zim.uni-passau.de\/unnahbar\/wp-json\/wp\/v2\/pages"}],"about":[{"href":"https:\/\/wp.zim.uni-passau.de\/unnahbar\/wp-json\/wp\/v2\/types\/page"}],"author":[{"embeddable":true,"href":"https:\/\/wp.zim.uni-passau.de\/unnahbar\/wp-json\/wp\/v2\/users\/437"}],"replies":[{"embeddable":true,"href":"https:\/\/wp.zim.uni-passau.de\/unnahbar\/wp-json\/wp\/v2\/comments?post=102"}],"version-history":[{"count":21,"href":"https:\/\/wp.zim.uni-passau.de\/unnahbar\/wp-json\/wp\/v2\/pages\/102\/revisions"}],"predecessor-version":[{"id":3182,"href":"https:\/\/wp.zim.uni-passau.de\/unnahbar\/wp-json\/wp\/v2\/pages\/102\/revisions\/3182"}],"wp:featuredmedia":[{"embeddable":true,"href":"https:\/\/wp.zim.uni-passau.de\/unnahbar\/wp-json\/wp\/v2\/media\/1190"}],"wp:attachment":[{"href":"https:\/\/wp.zim.uni-passau.de\/unnahbar\/wp-json\/wp\/v2\/media?parent=102"}],"curies":[{"name":"wp","href":"https:\/\/api.w.org\/{rel}","templated":true}]}}